{"id":857,"date":"2026-01-23T17:52:45","date_gmt":"2026-01-23T16:52:45","guid":{"rendered":"https:\/\/www.eacomsa.com\/?page_id=857"},"modified":"2026-04-28T16:51:02","modified_gmt":"2026-04-28T14:51:02","slug":"politica-de-privacidad","status":"publish","type":"page","link":"https:\/\/www.eacomsa.com\/ca\/politica-de-privacidad\/","title":{"rendered":"Pol\u00edtiques de privacitat"},"content":{"rendered":"<p>En compliment del REGLAMENT (UE) 2016\/679 DEL PARLAMENT EUROPEU I DEL CONSELL, de 27 d\u2019abril de 2016, relatiu a la protecci\u00f3 de les persones f\u00edsiques pel que fa al tractament de dades personals i a la lliure circulaci\u00f3 d\u2019aquestes dades, i de la Llei Org\u00e0nica 3\/2018, de 5 de desembre, de Protecci\u00f3 de Dades Personals i garantia dels drets digitals, s\u2019informa que les dades personals que vost\u00e8 faciliti a trav\u00e9s del lloc web eacomsa.com (d\u2019ara endavant, \u00abel lloc web\u00bb), seran tractades en els termes seg\u00fcents.<\/p>\n\n\n\n<p>\u200b<\/p>\n\n\n\n<p><strong>Responsable del tractament<\/strong><\/p>\n\n\n\n<p>Les dades personals recollides a trav\u00e9s del lloc web seran tractades per EACOM INGENIEROS Y CONSULTORES, S.A., amb domicili als efectes de l\u2019exercici de drets al carrer Berruguete, 60-62, 08035 Barcelona.\nCorreu electr\u00f2nic:&nbsp;<a href=\"mailto:legal@sicoresl.com\">legal@sicoresl.com<\/a>En endavant, el \u00abRESPONSABLE\u00bb.<\/p>\n\n\n\n<p>\u200b<\/p>\n\n\n\n<p><strong>Finalitats del tractament<\/strong><\/p>\n\n\n\n<p>Al formulari de contacte:<\/p>\n\n\n\n<ul class=\"wp-block-list\">\n<li>\u00a0Donar resposta a les consultes o qualsevol tipus de petici\u00f3 que formuli l\u2019usuari a trav\u00e9s de qualsevol dels mitjans de contacte que es posen a la seva disposici\u00f3 al lloc web del responsable<\/li>\n\n\n\n<li>(per l\u2019inter\u00e8s leg\u00edtim del responsable, art. 6.1.f GDPR).<\/li>\n\n\n\n<li>Realitzar an\u00e0lisis estad\u00edstiques i estudis de mercat .<br>(per l\u2019inter\u00e8s leg\u00edtim del responsable, art. 6.1.f GDPR).<\/li>\n\n\n\n<li>Gestionar la seva participaci\u00f3 en processos de selecci\u00f3 presents i futurs, quan ens faci arribar les seves dades (incl\u00f2s el curr\u00edculum) amb aquesta finalitat.<\/li>\n<\/ul>\n\n\n\n<p>\u200b\u200b<\/p>\n\n\n\n<p>Al formulari del Canal \u00e8tic o de den\u00fancies:<\/p>\n\n\n\n<ul class=\"wp-block-list\">\n<li>\u00a0Gestionar adequadament el canal \u00e8tic, tramitant les irregularitats notificades a trav\u00e9s d\u2019aquest, i decidir sobre la proced\u00e8ncia d\u2019iniciar una investigaci\u00f3, amb la finalitat de detectar possibles delictes i prevenir la imposici\u00f3 de qualsevol tipus de responsabilitat, aix\u00ed com evitar qualsevol conducta contr\u00e0ria a la normativa interna o externa de l\u2019entitat.<\/li>\n<\/ul>\n\n\n\n<p>(per al compliment d\u2019una obligaci\u00f3 legal, art. 6.1.c GDPR).<\/p>\n\n\n\n<p>\u200b<\/p>\n\n\n\n<p><strong>Legitimaci\u00f3<\/strong><\/p>\n\n\n\n<p><em>Consentiment.<\/em>Les dades personals obtingudes a trav\u00e9s dels formularis del lloc web seran tractades \u00fanicament sobre la base del consentiment atorgat per l\u2019interessat, mitjan\u00e7ant l\u2019acceptaci\u00f3 de la casella habilitada a aquest efecte. Aquest consentiment pot ser retirat en qualsevol moment.<\/p>\n\n\n\n<p><br><em>Inter\u00e8s leg\u00edtim del responsable.<\/em>&nbsp;La informaci\u00f3 estad\u00edstica obtinguda del lloc web es tractar\u00e0 sobre la base de l\u2019inter\u00e8s leg\u00edtim del responsable; aquesta informaci\u00f3 no permet identificar l\u2019usuari.<\/p>\n\n\n\n<p>\u200b<\/p>\n\n\n\n<p><strong>Destinataris<\/strong><\/p>\n\n\n\n<p>Les dades personals obtingudes a trav\u00e9s del lloc web no seran comunicades a tercers, llevat d\u2019obligaci\u00f3 legal.<\/p>\n\n\n\n<p>\u200b<\/p>\n\n\n\n<p><strong>Conservaci\u00f3<\/strong><\/p>\n\n\n\n<p>Les dades personals facilitades per l\u2019usuari per rebre comunicacions comercials es conservaran mentre l\u2019interessat no en sol\u00b7liciti la supressi\u00f3 o retiri el seu consentiment.<br><br>Quan l\u2019usuari envi\u00ef les seves dades personals per participar en processos de selecci\u00f3 del RESPONSABLE, les dades es tractaran per a la seva participaci\u00f3 en processos de selecci\u00f3 presents i, si no fos seleccionat, es conservaran durant un per\u00edode de dos anys per poder comptar amb la seva participaci\u00f3 en futurs processos.<br><br>Quan l\u2019usuari envi\u00ef les seves dades per contactar amb el RESPONSABLE, realitzar consultes o suggeriments, les dades es conservaran mentre siguin necess\u00e0ries per a aquesta finalitat i puguin derivar-se responsabilitats del tractament.<\/p>\n\n\n\n<p><br>Les dades de tr\u00e0nsit, estad\u00edstiques i visites del lloc web es conservaran durant el termini de tres anys.<\/p>\n\n\n\n<p>\u200b<\/p>\n\n\n\n<p><strong>Drets<\/strong><\/p>\n\n\n\n<p>Pot exercir els seus drets d\u2019acc\u00e9s, rectificaci\u00f3, supressi\u00f3, portabilitat de les seves dades, limitaci\u00f3 i oposici\u00f3 al tractament, mitjan\u00e7ant escrit adre\u00e7at a EACOM INGENIEROS Y CONSULTORES, S.A., carrer Berruguete, 60-62, 08035 Barcelona, o al correu electr\u00f2nic&nbsp;<a href=\"mailto:legal@sicoresl.com\">legal@sicoresl.com<\/a>. &nbsp;<\/p>\n\n\n\n<p>\u200b<\/p>\n\n\n\n<p><strong>Pol\u00edtica de protecci\u00f3 de menors<\/strong><\/p>\n\n\n\n<p>Qui facilita les dades a trav\u00e9s dels formularis del lloc web i n\u2019accepta el tractament declara formalment ser major de 14 anys.<\/p>\n\n\n\n<p><br>Queda prohibit l\u2019acc\u00e9s i l\u2019\u00fas del portal als menors de 14 anys.<br><br>Queda prohibit l\u2019acc\u00e9s i l\u2019\u00fas del portal als menors de 14 anys.\nEl RESPONSABLE recorda a les persones majors d\u2019edat que tinguin menors al seu c\u00e0rrec que ser\u00e0 de la seva exclusiva responsabilitat si algun menor incorpora dades per sol\u00b7licitar algun producte o servei.<\/p>\n\n\n\n<p><br>Tamb\u00e9 informa que existeixen programes inform\u00e0tics per acotar la navegaci\u00f3 mitjan\u00e7ant filtres o bloquejos determinats de continguts.<\/p>\n\n\n\n<p><strong>\u200b<\/strong><\/p>\n\n\n\n<p><strong>\u00das de les galetes al lloc web<\/strong><\/p>\n\n\n\n<p>El lloc web utilitza exclusivament \"galetes\" d\u2019\u00fas intern imprescindibles per a la prestaci\u00f3 dels serveis sol\u00b7licitats pels usuaris i necess\u00e0ries per a la navegaci\u00f3.<br><br>Les galetes que pot utilitzar el lloc web s\u00f3n petites quantitats d\u2019informaci\u00f3 que s\u2019emmagatzemen a l\u2019ordinador amb l\u2019\u00fanica finalitat de gestionar l\u2019autenticaci\u00f3 dels usuaris, la prestaci\u00f3 dels serveis sol\u00b7licitats i efectuar la transmissi\u00f3 de comunicacions per la Xarxa, d\u2019acord amb el que estableix l\u2019article 22 de la Llei 34\/2002 de serveis de la societat de la informaci\u00f3 (LSSI).<br><br>L\u2019usuari t\u00e9 la possibilitat d\u2019impedir la instal\u00b7laci\u00f3 de galetes al seu disc dur, configurar el navegador per ser informat abans que les galetes s\u2019emmagatzemin al seu ordinador o eliminar les que ja s\u2019hagin instal\u00b7lat.L\u2019usuari pot configurar el seu navegador per especificar quines galetes poden ser acceptades i quines no, pot acceptar galetes de sessi\u00f3 (que s\u2019eliminen en tancar el navegador) i pot, en qualsevol moment, veure i esborrar les galetes individualment.<br><br>No obstant aix\u00f2, l\u2019advertim que el fet de no acceptar les galetes del lloc web pot suposar la impossibilitat o una limitaci\u00f3 important a l\u2019hora de prestar-li els nostres serveis.<br><br>Consulti, si us plau, les instruccions i manuals del seu navegador si vol ampliar la informaci\u00f3 sobre la gesti\u00f3 de les galetes.<\/p>\n\n\n\n<p>\u200b<\/p>\n\n\n\n<p><strong>Tractament derivat de l\u2019\u00fas de les xarxes socials<\/strong><\/p>\n\n\n\n<p>En seguir el nostre perfil a les xarxes socials, consent expressament el tractament de les seves dades personals conforme a la pol\u00edtica de privacitat de la corresponent xarxa social.\nIgualment, consenteix expressament l\u2019acc\u00e9s del RESPONSABLE a les dades personals contingudes al seu perfil i que les not\u00edcies publicades sobre qualsevol producte del RESPONSABLE apareguin al seu mur.\nLa seva sol\u00b7licitud de connexi\u00f3 implica necess\u00e0riament el seu consentiment per als tractaments indicats, que constitueixen la base jur\u00eddica del tractament; les dades es conservaran mentre l\u2019interessat no en sol\u00b7liciti l\u2019oposici\u00f3 o retiri el consentiment.<br><br>La publicaci\u00f3 de comentaris i continguts a les xarxes socials esdev\u00e9 informaci\u00f3 p\u00fablica, de manera que els usuaris han de tenir especial cautela quan decideixin compartir informaci\u00f3 personal.\nEl RESPONSABLE no es fa responsable de la informaci\u00f3 que els usuaris incorporin a la p\u00e0gina; no obstant aix\u00f2, les persones les dades de les quals hi apareguin podran sol\u00b7licitar-ne la cancel\u00b7laci\u00f3 al RESPONSABLE.<\/p>\n\n\n\n<p>\u200b<\/p>\n\n\n\n<p>\u200b<\/p>\n\n\n\n<p><strong>Pol\u00edtica de privacitat en relaci\u00f3 amb les xarxes socials<\/strong><\/p>\n\n\n\n<p><strong>1. Informaci\u00f3 a l\u2019usuari<\/strong><\/p>\n\n\n\n<p><strong>Qui \u00e9s el responsable del tractament de les teves dades personals?<\/strong><\/p>\n\n\n\n<p>EACOM ENGINYERS I CONSULTORS, S.A., informa l'usuari que ha creat un perfil a la Xarxa Social LinkedIn, que \u00e9s el responsable del tractament (d'ara endavant, el \u201cRESPONSABLE\u201d) de les dades personals de l'usuari que es dugui a terme en aquesta xarxa social i l'informa que aquestes dades seran tractades de conformitat amb el que disposa el Reglament (6\/7)7 (\u201cGDPR\u201d), i la Llei Org\u00e0nica 3\/2018, de 5 de desembre (\u201cLOPDGDD\u201d), per la qual cosa se li facilita la informaci\u00f3 seg\u00fcent del tractament:<\/p>\n\n\n\n<p><strong>Per a qu\u00e8 tractem les teves dades personals?<\/strong><\/p>\n\n\n\n<p><em>Fin del tratamiento<\/em>: Mantenir una relaci\u00f3 entre l\u2019usuari i el RESPONSABLE que pot incloure les operacions seg\u00fcents:<\/p>\n\n\n\n<ul class=\"wp-block-list\">\n<li>Tramitar sol\u00b7licituds i consultes plantejades al responsable.<\/li>\n\n\n\n<li>Informar sobre activitats i esdeveniments organitzats pel responsable.<\/li>\n\n\n\n<li>Informar sobre productes o serveis oferts pel responsable.<\/li>\n\n\n\n<li>Interactuar a trav\u00e9s dels perfils oficials.<\/li>\n<\/ul>\n\n\n\n<p><strong>Per qu\u00e8 podem tractar les teves dades?<\/strong><\/p>\n\n\n\n<p><em>Base jur\u00eddica:<\/em>&nbsp;article 6.1.a GDPR, l\u2019interessat ha prestat el seu consentiment per al tractament de les seves dades per a una o diverses finalitats espec\u00edfiques\nL\u2019usuari disposa de perfil a la mateixa xarxa social i ha decidit unir-se al perfil del RESPONSABLE, mostrant inter\u00e8s en la informaci\u00f3 publicada; en sol\u00b7licitar seguir els nostres perfils, ens facilita el seu consentiment per tractar les dades personals publicades al seu perfil.<\/p>\n\n\n\n<p>L\u2019usuari pot accedir en tot moment a les pol\u00edtiques de privacitat de la xarxa social i configurar el seu perfil per garantir-ne la privacitat.<\/p>\n\n\n\n<p>El RESPONSABLE nom\u00e9s accedeix i tracta la informaci\u00f3 p\u00fablica de l\u2019usuari, especialment el seu nom de contacte; aquestes dades nom\u00e9s s\u2019utilitzen dins la xarxa social i \u00fanicament s\u2019incorporaran a un fitxer del RESPONSABLE quan sigui necessari per tramitar una petici\u00f3 de l\u2019usuari.<\/p>\n\n\n\n<p>\u200b<\/p>\n\n\n\n<p><strong>Durant quant temps conservarem les teves dades?<\/strong><\/p>\n\n\n\n<p><em>Criteris de conservaci\u00f3 de les dades<\/em>: es conservaran mentre l'usuari no revoqui el consentiment prestat tal com s'indica a aquesta pol\u00edtica de privadesa.<\/p>\n\n\n\n<p><strong>A qui comunicarem les teves dades?<\/strong><\/p>\n\n\n\n<p><em>Comunicaci\u00f3 de les dades<\/em>La informaci\u00f3 facilitada per l\u2019usuari a trav\u00e9s de la xarxa social del RESPONSABLE, incloses les seves dades personals, pot ser publicada en funci\u00f3 dels serveis que utilitzi, de manera que pot quedar a disposici\u00f3 p\u00fablica d\u2019altres usuaris de la xarxa.\nDes del perfil de cada xarxa social, l\u2019usuari pot configurar quina informaci\u00f3 vol fer p\u00fablica, veure els permisos concedits, eliminar-los o desactivar-los.<\/p>\n\n\n\n<p>No es preveuen comunicacions de dades a tercers fora de la xarxa social, llevat que sigui imprescindible per al desenvolupament de les finalitats del tractament, a prove\u00efdors de serveis del RESPONSABLE amb els quals s\u2019han subscrit els corresponents contractes de confidencialitat i d\u2019encarregat del tractament.<\/p>\n\n\n\n<p><strong>Quins s\u00f3n els teus drets?<\/strong><\/p>\n\n\n\n<p><em>Drets que assisteixen a l'usuari:&nbsp;<\/em>Nom\u00e9s es podran satisfer en relaci\u00f3 amb aquella informaci\u00f3 sota control del RESPONSABLE:<\/p>\n\n\n\n<ul class=\"wp-block-list\">\n<li>Dret a retirar el consentiment en qualsevol moment.<\/li>\n\n\n\n<li>Drets d\u2019acc\u00e9s, rectificaci\u00f3, portabilitat i supressi\u00f3 de les dades, i de limitaci\u00f3 o oposici\u00f3 al tractament.<\/li>\n<\/ul>\n\n\n\n<p><em>Dades de contacte per exercir els drets:<\/em><\/p>\n\n\n\n<p>EACOM INGENIEROS Y CONSULTORES, S.A., carrer Berruguete, 60-62, 08035 Barcelona. Correu:&nbsp;<a href=\"mailto:legal@sicoresl.com\">legal@sicoresl.com<\/a><\/p>\n\n\n\n<p><br><strong>2. Utilitzaci\u00f3 del perfil<\/strong><\/p>\n\n\n\n<p>El RESPONSABLE dur\u00e0 a terme les actuacions seg\u00fcents:<\/p>\n\n\n\n<ul class=\"wp-block-list\">\n<li>Acc\u00e9s a la informaci\u00f3 p\u00fablica del perfil.<\/li>\n\n\n\n<li>Publicaci\u00f3 al perfil de l\u2019usuari de tota la informaci\u00f3 ja publicada a la xarxa social del RESPONSABLE.<\/li>\n\n\n\n<li>Enviament de missatges personals i individuals a trav\u00e9s dels canals de la xarxa social.<\/li>\n\n\n\n<li>Actualitzacions de l\u2019estat de la p\u00e0gina, que es publicaran al perfil de l\u2019usuari.<\/li>\n<\/ul>\n\n\n\n<p>L\u2019USUARI pot controlar en tot moment les seves connexions, eliminar continguts que deixin d\u2019interessar-li i restringir amb qui comparteix les seves connexions, accedint a la configuraci\u00f3 de privacitat.<\/p>\n\n\n\n<p><br><strong>3. Publicacions<\/strong><\/p>\n\n\n\n<p>L\u2019usuari, un cop segueixi o s\u2019hagi unit al perfil del RESPONSABLE, podr\u00e0 publicar-hi comentaris, enlla\u00e7os, imatges, fotografies o qualsevol altre contingut multim\u00e8dia adm\u00e8s per la xarxa.\nL\u2019usuari ha de ser, en tots els casos, titular del contingut, gaudir dels drets d\u2019autor i propietat intel\u00b7lectual o comptar amb el consentiment dels tercers afectats.<\/p>\n\n\n\n<p>Es prohibeix expressament qualsevol publicaci\u00f3 (textos, gr\u00e0fics, fotografies, v\u00eddeos, etc.) que atempti o pugui atemptar contra la moral, l\u2019\u00e8tica, el bon gust o el dec\u00f2rum, i\/o que infringeixi els drets de propietat intel\u00b7lectual o industrial, el dret a la pr\u00f2pia imatge o la llei.<\/p>\n\n\n\n<p>En aquests casos, el RESPONSABLE es reserva el dret de retirar immediatament el contingut, sense av\u00eds previ, i de sol\u00b7licitar el bloqueig permanent de l\u2019usuari.<\/p>\n\n\n\n<p>El RESPONSABLE no ser\u00e0 responsable dels continguts publicats lliurement per l\u2019usuari.<\/p>\n\n\n\n<p>Les imatges que es puguin publicar a la xarxa social no s\u2019emmagatzemaran en cap fitxer del RESPONSABLE, per\u00f2 s\u00ed que romandran a la xarxa social.<\/p>\n\n\n\n<p>Les imatges que es puguin publicar a la xarxa social no s\u2019emmagatzemaran en cap fitxer del RESPONSABLE, per\u00f2 s\u00ed que romandran a la xarxa social.<\/p>\n\n\n\n<p><br><strong>4. Dades de menors d\u2019edat o persones amb capacitats especials<\/strong><\/p>\n\n\n\n<p>L\u2019acc\u00e9s i el registre a trav\u00e9s del perfil del RESPONSABLE a la xarxa social estan prohibits als menors de 14 anys.\nEn el cas de persones amb capacitats especials, ser\u00e0 necess\u00e0ria la intervenci\u00f3 del titular de la p\u00e0tria potestat, tutela o representant legal, mitjan\u00e7ant document que acrediti la representaci\u00f3.<\/p>\n\n\n\n<p>El RESPONSABLE queda expressament exonerat de qualsevol responsabilitat derivada de l\u2019\u00fas de la xarxa social per part de menors o persones amb capacitats especials.\nLa xarxa social del RESPONSABLE no recull conscientment cap informaci\u00f3 personal de menors; si l\u2019usuari \u00e9s menor d\u2019edat, no s\u2019ha de registrar, ni utilitzar la xarxa social del RESPONSABLE ni facilitar cap dada personal.<\/p>","protected":false},"excerpt":{"rendered":"<p>En cumplimiento del REGLAMENTO (UE) 2016\/679 DEL PARLAMENTO EUROPEO Y DEL CONSEJO de 27 de Abril de 2016, relativo a la protecci\u00f3n de las personas f\u00edsicas en lo que respecta al tratamiento de datos personales y a la libre circulaci\u00f3n de estos datos y a Ley Org\u00e1nica 3\/2018, de 5 de diciembre, de Protecci\u00f3n de [&hellip;]<\/p>\n","protected":false},"author":2,"featured_media":0,"parent":0,"menu_order":0,"comment_status":"closed","ping_status":"closed","template":"","meta":{"footnotes":""},"class_list":["post-857","page","type-page","status-publish","hentry","entry"],"yoast_head":"<!-- This site is optimized with the Yoast SEO plugin v27.5 - https:\/\/yoast.com\/product\/yoast-seo-wordpress\/ -->\n<title>Pol\u00edtica de privacidad - EACOM<\/title>\n<meta name=\"robots\" content=\"index, follow, max-snippet:-1, max-image-preview:large, max-video-preview:-1\" \/>\n<link rel=\"canonical\" href=\"https:\/\/www.eacomsa.com\/ca\/politica-de-privacidad\/\" \/>\n<meta property=\"og:locale\" content=\"ca_ES\" \/>\n<meta property=\"og:type\" content=\"article\" \/>\n<meta property=\"og:title\" content=\"Pol\u00edtica de privacidad - EACOM\" \/>\n<meta property=\"og:description\" content=\"En cumplimiento del REGLAMENTO (UE) 2016\/679 DEL PARLAMENTO EUROPEO Y DEL CONSEJO de 27 de Abril de 2016, relativo a la protecci\u00f3n de las personas f\u00edsicas en lo que respecta al tratamiento de datos personales y a la libre circulaci\u00f3n de estos datos y a Ley Org\u00e1nica 3\/2018, de 5 de diciembre, de Protecci\u00f3n de [&hellip;]\" \/>\n<meta property=\"og:url\" content=\"https:\/\/www.eacomsa.com\/ca\/politica-de-privacidad\/\" \/>\n<meta property=\"og:site_name\" content=\"EACOM\" \/>\n<meta property=\"article:modified_time\" content=\"2026-04-28T14:51:02+00:00\" \/>\n<meta name=\"twitter:card\" content=\"summary_large_image\" \/>\n<meta name=\"twitter:label1\" content=\"Temps estimat de lectura\" \/>\n\t<meta name=\"twitter:data1\" content=\"11 minuts\" \/>\n<script type=\"application\/ld+json\" class=\"yoast-schema-graph\">{\"@context\":\"https:\\\/\\\/schema.org\",\"@graph\":[{\"@type\":\"WebPage\",\"@id\":\"https:\\\/\\\/www.eacomsa.com\\\/politica-de-privacidad\\\/\",\"url\":\"https:\\\/\\\/www.eacomsa.com\\\/politica-de-privacidad\\\/\",\"name\":\"Pol\u00edtica de privacidad - EACOM\",\"isPartOf\":{\"@id\":\"https:\\\/\\\/www.eacomsa.com\\\/#website\"},\"datePublished\":\"2026-01-23T16:52:45+00:00\",\"dateModified\":\"2026-04-28T14:51:02+00:00\",\"breadcrumb\":{\"@id\":\"https:\\\/\\\/www.eacomsa.com\\\/politica-de-privacidad\\\/#breadcrumb\"},\"inLanguage\":\"ca\",\"potentialAction\":[{\"@type\":\"ReadAction\",\"target\":[\"https:\\\/\\\/www.eacomsa.com\\\/politica-de-privacidad\\\/\"]}]},{\"@type\":\"BreadcrumbList\",\"@id\":\"https:\\\/\\\/www.eacomsa.com\\\/politica-de-privacidad\\\/#breadcrumb\",\"itemListElement\":[{\"@type\":\"ListItem\",\"position\":1,\"name\":\"Portada\",\"item\":\"https:\\\/\\\/www.eacomsa.com\\\/\"},{\"@type\":\"ListItem\",\"position\":2,\"name\":\"Pol\u00edtica de privacidad\"}]},{\"@type\":\"WebSite\",\"@id\":\"https:\\\/\\\/www.eacomsa.com\\\/#website\",\"url\":\"https:\\\/\\\/www.eacomsa.com\\\/\",\"name\":\"Eacomsa.com\",\"description\":\"\",\"publisher\":{\"@id\":\"https:\\\/\\\/www.eacomsa.com\\\/#organization\"},\"potentialAction\":[{\"@type\":\"SearchAction\",\"target\":{\"@type\":\"EntryPoint\",\"urlTemplate\":\"https:\\\/\\\/www.eacomsa.com\\\/?s={search_term_string}\"},\"query-input\":{\"@type\":\"PropertyValueSpecification\",\"valueRequired\":true,\"valueName\":\"search_term_string\"}}],\"inLanguage\":\"ca\"},{\"@type\":\"Organization\",\"@id\":\"https:\\\/\\\/www.eacomsa.com\\\/#organization\",\"name\":\"EACOM\",\"url\":\"https:\\\/\\\/www.eacomsa.com\\\/\",\"logo\":{\"@type\":\"ImageObject\",\"inLanguage\":\"ca\",\"@id\":\"https:\\\/\\\/www.eacomsa.com\\\/#\\\/schema\\\/logo\\\/image\\\/\",\"url\":\"https:\\\/\\\/www.eacomsa.com\\\/wp-content\\\/uploads\\\/2026\\\/01\\\/Eacom-degradado.webp\",\"contentUrl\":\"https:\\\/\\\/www.eacomsa.com\\\/wp-content\\\/uploads\\\/2026\\\/01\\\/Eacom-degradado.webp\",\"width\":853,\"height\":181,\"caption\":\"EACOM\"},\"image\":{\"@id\":\"https:\\\/\\\/www.eacomsa.com\\\/#\\\/schema\\\/logo\\\/image\\\/\"}}]}<\/script>\n<!-- \/ Yoast SEO plugin. -->","yoast_head_json":{"title":"Pol\u00edtica de privacidad - EACOM","robots":{"index":"index","follow":"follow","max-snippet":"max-snippet:-1","max-image-preview":"max-image-preview:large","max-video-preview":"max-video-preview:-1"},"canonical":"https:\/\/www.eacomsa.com\/ca\/politica-de-privacidad\/","og_locale":"ca_ES","og_type":"article","og_title":"Pol\u00edtica de privacidad - EACOM","og_description":"En cumplimiento del REGLAMENTO (UE) 2016\/679 DEL PARLAMENTO EUROPEO Y DEL CONSEJO de 27 de Abril de 2016, relativo a la protecci\u00f3n de las personas f\u00edsicas en lo que respecta al tratamiento de datos personales y a la libre circulaci\u00f3n de estos datos y a Ley Org\u00e1nica 3\/2018, de 5 de diciembre, de Protecci\u00f3n de [&hellip;]","og_url":"https:\/\/www.eacomsa.com\/ca\/politica-de-privacidad\/","og_site_name":"EACOM","article_modified_time":"2026-04-28T14:51:02+00:00","twitter_card":"summary_large_image","twitter_misc":{"Temps estimat de lectura":"11 minuts"},"schema":{"@context":"https:\/\/schema.org","@graph":[{"@type":"WebPage","@id":"https:\/\/www.eacomsa.com\/politica-de-privacidad\/","url":"https:\/\/www.eacomsa.com\/politica-de-privacidad\/","name":"Pol\u00edtica de privacidad - EACOM","isPartOf":{"@id":"https:\/\/www.eacomsa.com\/#website"},"datePublished":"2026-01-23T16:52:45+00:00","dateModified":"2026-04-28T14:51:02+00:00","breadcrumb":{"@id":"https:\/\/www.eacomsa.com\/politica-de-privacidad\/#breadcrumb"},"inLanguage":"ca","potentialAction":[{"@type":"ReadAction","target":["https:\/\/www.eacomsa.com\/politica-de-privacidad\/"]}]},{"@type":"BreadcrumbList","@id":"https:\/\/www.eacomsa.com\/politica-de-privacidad\/#breadcrumb","itemListElement":[{"@type":"ListItem","position":1,"name":"Portada","item":"https:\/\/www.eacomsa.com\/"},{"@type":"ListItem","position":2,"name":"Pol\u00edtica de privacidad"}]},{"@type":"WebSite","@id":"https:\/\/www.eacomsa.com\/#website","url":"https:\/\/www.eacomsa.com\/","name":"Eacomsa.com","description":"","publisher":{"@id":"https:\/\/www.eacomsa.com\/#organization"},"potentialAction":[{"@type":"SearchAction","target":{"@type":"EntryPoint","urlTemplate":"https:\/\/www.eacomsa.com\/?s={search_term_string}"},"query-input":{"@type":"PropertyValueSpecification","valueRequired":true,"valueName":"search_term_string"}}],"inLanguage":"ca"},{"@type":"Organization","@id":"https:\/\/www.eacomsa.com\/#organization","name":"EACOM","url":"https:\/\/www.eacomsa.com\/","logo":{"@type":"ImageObject","inLanguage":"ca","@id":"https:\/\/www.eacomsa.com\/#\/schema\/logo\/image\/","url":"https:\/\/www.eacomsa.com\/wp-content\/uploads\/2026\/01\/Eacom-degradado.webp","contentUrl":"https:\/\/www.eacomsa.com\/wp-content\/uploads\/2026\/01\/Eacom-degradado.webp","width":853,"height":181,"caption":"EACOM"},"image":{"@id":"https:\/\/www.eacomsa.com\/#\/schema\/logo\/image\/"}}]}},"_links":{"self":[{"href":"https:\/\/www.eacomsa.com\/ca\/wp-json\/wp\/v2\/pages\/857","targetHints":{"allow":["GET"]}}],"collection":[{"href":"https:\/\/www.eacomsa.com\/ca\/wp-json\/wp\/v2\/pages"}],"about":[{"href":"https:\/\/www.eacomsa.com\/ca\/wp-json\/wp\/v2\/types\/page"}],"author":[{"embeddable":true,"href":"https:\/\/www.eacomsa.com\/ca\/wp-json\/wp\/v2\/users\/2"}],"replies":[{"embeddable":true,"href":"https:\/\/www.eacomsa.com\/ca\/wp-json\/wp\/v2\/comments?post=857"}],"version-history":[{"count":3,"href":"https:\/\/www.eacomsa.com\/ca\/wp-json\/wp\/v2\/pages\/857\/revisions"}],"predecessor-version":[{"id":2149,"href":"https:\/\/www.eacomsa.com\/ca\/wp-json\/wp\/v2\/pages\/857\/revisions\/2149"}],"wp:attachment":[{"href":"https:\/\/www.eacomsa.com\/ca\/wp-json\/wp\/v2\/media?parent=857"}],"curies":[{"name":"wp","href":"https:\/\/api.w.org\/{rel}","templated":true}]}}